{"id":14,"date":"2020-05-13T09:09:19","date_gmt":"2020-05-13T07:09:19","guid":{"rendered":""},"modified":"2025-11-03T15:12:59","modified_gmt":"2025-11-03T14:12:59","slug":"profil","status":"publish","type":"page","link":"https:\/\/www.rcnksk.com\/?page_id=14","title":{"rendered":"Profil"},"content":{"rendered":"<p><\/p>\n<h1>Studio<\/h1>\n<p>Na\u0161e architektonick\u00e9 studio se zam\u011b\u0159uje na v\u0161echny formy architektury od urbanismu po&nbsp;detail kliky. Vytv\u00e1\u0159\u00edme prostor, atmosf\u00e9ru, m\u00edsto k\u00a0\u017eivotu. Od studie po&nbsp;prov\u00e1d\u011bc\u00ed dokumentaci, s\u00a0d\u016frazem na udr\u017een\u00ed po\u010d\u00e1te\u010dn\u00edho konceptu v\u00a0ka\u017ed\u00e9m m\u011b\u0159\u00edtku i\u00a0detailu stavby. Pracujeme na r\u016fzn\u00fdch form\u00e1ch projekt\u016f, jsme toti\u017e p\u0159esv\u011bd\u010deni, \u017ee pestrost projekt\u016f \u010dlov\u011bka nezastav\u00ed ve v\u00fdvoji. Ke ka\u017ed\u00e9mu projektu p\u0159isupujeme individu\u00e1ln\u011b a\u00a0d\u00edky tomu nekon\u010d\u00edme u\u00a0rutiny a\u00a0konven\u010dn\u00edho navrhov\u00e1n\u00ed. D\u016fle\u017eit\u00e9 jsou pro n\u00e1s poctiv\u00e9 dob\u0159e st\u00e1rnouc\u00ed materi\u00e1ly, kter\u00e9 zub \u010dasu nepo\u0161kod\u00ed. Hled\u00e1me vhodn\u00e9 estetick\u00e9 i\u00a0technick\u00e9 \u0159e\u0161en\u00ed v\u00a0z\u00e1vislosti na kvalit\u011b, fungov\u00e1n\u00ed v\u00a0\u010dase, cen\u011b. R\u00e1di prov\u011b\u0159ujeme a\u00a0pracujeme s\u00a0tradi\u010dn\u00edmi \u0159emesln\u00fdmi postupy ve spojen\u00ed se sou\u010dasn\u00fdmi technologick\u00fdmi mo\u017enostmi.<\/p>\n<p>Ateli\u00e9r zalo\u017eili Filip Kosek a&nbsp;Jan \u0158\u00ed\u010dn\u00fd v&nbsp;roce 2015 po&nbsp;ji\u017e prov\u011b\u0159en\u00e9 spolupr\u00e1ci z&nbsp;dob studi\u00ed na Vysok\u00e9 \u0161kole um\u011bleckopr\u016fmyslov\u00e9 v&nbsp;Praze.<\/p>\n<h1>Biografie<span id=\"bio\" class=\"anchor\"><\/span><\/h1>\n<h2 class=\"mbe\">MgA. Jan \u0158\u00ed\u010dn\u00fd (Brno, 1987)<\/h2>\n<ul>\n<li>autorizovan\u00fd architekt (\u010cKA 04606)<\/li>\n<li>2015 &#8211; dosud: ateli\u00e9r RCNKSK s&nbsp;MgA. Filipem Koskem<\/li>\n<li>2013 &#8211; 2015: samostatn\u00e1 architektonick\u00e1 praxe<\/li>\n<li>2011: st\u00e1\u017e na Ateli\u00e9ru grafick\u00e9ho designu, MICA, Baltimore, USA<\/li>\n<li>2007 \u2013 2013: Vysok\u00e1 \u0161kola um\u011bleckopr\u016fmyslov\u00e1 v\u00a0Praze, Architektura\u00a0II., prof.\u00a0Ivan\u00a0Kroupa,<br \/>\nArchitektura\u00a0I., prof.\u00a0Jind\u0159ich\u00a0Smetana<\/li>\n<li>2003 &#8211; 2007: St\u0159edn\u00ed \u0161kola um\u011bn\u00ed a&nbsp;designu v&nbsp;Brn\u011b, obor Pr\u016fmyslov\u00fd design<\/li>\n<li>1999 &#8211; 2003: Biskupsk\u00e9 gymn\u00e1zium v&nbsp;Brn\u011b<\/li>\n<\/ul>\n<h2 class=\"mbe\">MgA. Filip Kosek (Praha, 1987)<\/h2>\n<ul>\n<li>2015 &#8211; dosud: ateli\u00e9r RCNKSK s&nbsp;MgA. Janem \u0158\u00ed\u010dn\u00fdm<\/li>\n<li>2015: City Upgrade architekti<\/li>\n<li>2014: ADNS architekti<\/li>\n<li>2013: Jakob Bader Architektur, Munich, DE<\/li>\n<li>2011: studio Wiel Arets, UdK Berlin, DE<\/li>\n<li>2007 &#8211; 2013: Vysok\u00e1 \u0161kola um\u011bleckopr\u016fmyslov\u00e1 v&nbsp;Praze, Architektura\u00a0I., prof.\u00a0Jind\u0159ich\u00a0Smetana<\/li>\n<li>2003 &#8211; 2007: Gymnazium Arabsk\u00e1 v&nbsp;Praze<\/li>\n<li>\n<h1>Ocen\u011bn\u00ed<span id=\"prizes\" class=\"anchor\"><\/span><\/h1>\n<ul>\n<li>Grand Prix Architekt\u016f 2025 za N\u00e1rodn\u00ed cenu za architekturu za Kapli Panny Marie Bolestn\u00e9 v&nbsp;Nesva\u010dilce<\/li>\n<li>TOP 100 \u010cesk\u00fdch architektonick\u00fdch atelier\u016f, \u010dasopis Architect+, 2022<\/li>\n<li>V\u00edt\u011bz odborn\u00e9 poroty, D\u0159ev\u011bn\u00e1 stavba roku, kategorie D\u0159ev\u011bn\u00e9 konstrukce &#8211; n\u00e1vrhy, Kaple Panny Marie Bolestn\u00e9 v&nbsp;Nesva\u010dilce, CZ, 2017<\/li>\n<li>Cena \u010dasopisu ERA 21, XELLA 2009, Pavilon \u010dlov\u011bka, ZOO Praha, CZ, 2009<\/li>\n<li>\u010cestn\u00e9 uzn\u00e1n\u00ed, Sham Spiritual Oasis, S\u00fdrie, 2009<\/li>\n<li>Dobr\u00fd studentsk\u00fd design, Designcentrum \u010cR, Brno, CZ, 2008<\/li>\n<li>1.&nbsp;cena, Mlad\u00fd obal 2006, Designcentrum \u010cR, Brno, CZ, 2006<\/li>\n<\/ul>\n<h1>V\u00fdstavy<span id=\"exhi\" class=\"anchor\"><\/span><\/h1>\n<ul>\n<li>\u010cLOV\u011aK A&nbsp;DUCH: um\u011bn\u00ed, architektura, Terezie Regnerov\u00e1, Matou\u0161 Vep\u0159ek, Jan \u0158\u00ed\u010dn\u00fd, Marek Kundrata, 13.&nbsp;9.&nbsp;2014 &#8211; 16.&nbsp;1.&nbsp;2015, Kl\u00e1\u0161ter Roudnice<br \/>\n<a href=\"https:\/\/www.artmap.cz\/clovek-a-duch-umeni-architektura-0\/\" target=\"_blank\" rel=\"noopener noreferrer\">www.artmap.cz<\/a><\/li>\n<\/ul>\n<\/li>\n<li>\n<h1>M\u00e9dia<span id=\"media\" class=\"anchor\"><\/span><\/h1>\n<ul>\n<li>Atelier mezi rybn\u00edky, strana 46-47, \u010cesk\u00e1 architektura 2021-2022, Ond\u0159ej Chyb\u00edk, Prostor &#8211; architektura, interi\u00e9r, design, o.p.s., Praha 2023<\/li>\n<li>Rozhovor s&nbsp;RCNKSK a&nbsp;\u010dl\u00e1nek na t\u00e9ma pr\u00e1ce s&nbsp;hl\u00ednou, strana 16-32<a href=\"https:\/\/www.intro.cz\/detail\/23\" target=\"_blank\" rel=\"noopener noreferrer\">\u010dasopis INTRO, 19\/2022<\/a><\/li>\n<li>TOP 100 \u010cesk\u00fdch architektonick\u00fdch atelier\u016f, \u010dasopis Architect+, 2022<\/li>\n<li>Kostnice, Sedlec, Ud\u00e1losti v&nbsp;regionech, <a href=\"https:\/\/www.ceskatelevize.cz\/ivysilani\/10118379000-udalosti-v-regionech-praha\/219411000141128-udalosti-v-regionech\/obsah\/735920-necekane-nalezy-v-kostnici?fbclid=IwAR1ukJi-QJ-9xMs3sYbYvO_xx_4TpefglvtGFnu6Li_fOQx1NCpKqM4Gryw\" target=\"_blank\" rel=\"noopener noreferrer\">\u010cesk\u00e1 televize, 28.11.2019<\/a><\/li>\n<li>Kostnice, Sedlec, <a href=\"https:\/\/kutnohorsky.denik.cz\/zpravy_region\/kostnice-se-docka-jednosmerneho-provozu-i-noveho-bookshopu-20200102.html?fbclid=IwAR1sFYOiPch54KX5kHEqcogCAt4B5f7UTtUvcWuAnmszTjgCVlamgRLKVYA\" target=\"_blank\" rel=\"noopener noreferrer\">Kutnohorsk\u00fd den\u00edk, 3.1.2020<\/a><\/li>\n<li>Kaple Nesva\u010dilka, <a href=\"https:\/\/www.facebook.com\/100007525995007\/videos\/2396143030646540\/\" target=\"_blank\" rel=\"noopener noreferrer\">report\u00e1\u017e na TV NOE, listopad 2019 <\/a><\/li>\n<li>Kaple Nesva\u010dilka, <a href=\"https:\/\/www.facebook.com\/100007525995007\/videos\/2305753946352116\/\" target=\"_blank\" rel=\"noopener noreferrer\">report\u00e1\u017e na TV NOE, \u010dervenec 2019<\/a><\/li>\n<li>Kaple Nesva\u010dilka, <a href=\"https:\/\/www.ceskatelevize.cz\/porady\/1098528273-krestansky-magazin\/318298380040016\/video\/673409\" target=\"_blank\" rel=\"noopener noreferrer\">K\u0159es\u0165ansk\u00fd magaz\u00edn 28.4.2019<\/a><\/li>\n<li>Kaple Nesva\u010dilka, <a href=\"https:\/\/brnensky.denik.cz\/zpravy_region\/kaple-v-nesvacilce-ukaze-na-utrpeni-panny-marie-pomoci-dreva-a-kamene-20150630.html\" target=\"_blank\" rel=\"noopener noreferrer\">Den\u00edk, 1.7.2015<\/a><\/li>\n<\/ul>\n<h3>Recenze a&nbsp;\u010dl\u00e1nky o&nbsp;v\u00fdstav\u00e1ch:<\/h3>\n<ul>\n<li>Tajemn\u00e9 d\u00e1lky: Radan Wagner, <a href=\"https:\/\/ceskapozice.lidovky.cz\/recenze\/tajemne-dalky-ceskeho-symbolismu.A150702_124837_pozice-recenze_kasa\" target=\"_blank\" rel=\"noopener noreferrer\">\u010cesk\u00e1 pozice, Lidovky<\/a><\/li>\n<li>Tajemn\u00e9 d\u00e1lky: Kl\u00e1ra Fleyberkov\u00e1, <a href=\"https:\/\/www.irozhlas.cz\/kultura_vytvarne-umeni\/vystava-tajemne-dalky-predstavi-cesky-symbolismus-z-prelomu-19-a-20-stoleti_201504220110_mkaspar\" target=\"_blank\" rel=\"noopener noreferrer\">\u010cesk\u00fd rozhlas<\/a><\/li>\n<li>Tajemn\u00e9 d\u00e1lky: Marie T\u0159e\u0161\u0148\u00e1kov\u00e1, <a href=\"https:\/\/ct24.ceskatelevize.cz\/kultura\/1522676-tajemne-dalky-provokuji-objevny-dialog\" target=\"_blank\" rel=\"noopener noreferrer\">\u010cesk\u00e1 televize<\/a><\/li>\n<li>Tajemn\u00e9 d\u00e1lky: Ivan Adamovi\u010d, <a href=\"https:\/\/domaci.ihned.cz\/c1-63938090-tajemne-dalky-symbolismus-recenze\" target=\"_blank\" rel=\"noopener noreferrer\">Hospod\u00e1\u0159sk\u00e9 noviny<\/a><\/li>\n<li>Tajemn\u00e9 d\u00e1lky: Peter Kov\u00e1\u010d, <a href=\"https:\/\/www.novinky.cz\/kultura\/clanek\/recenze-tajemne-dalky-ztracejici-se-v-tunelu-298079\" target=\"_blank\" rel=\"noopener noreferrer\">Pr\u00e1vo<\/a><\/li>\n<li>Hynek Martinec: Cesta na Island, Magdalena \u010cechlovsk\u00e1, <a href=\"https:\/\/magazin.aktualne.cz\/kultura\/umeni\/malir-hynek-martinec-spojuje-baroko-a-kauzu-metoo-jeho-kenta\/r~476225224aee11e88560ac1f6b220ee8\/\" target=\"_blank\" rel=\"noopener noreferrer\">Aktu\u00e1ln\u011b<\/a><\/li>\n<li>Norbert Grund (1717\u20131767): P\u016fvab v\u0161edn\u00edho dne, Jan \u0160\u00edda, <a href=\"https:\/\/www.novinky.cz\/kultura\/clanek\/recenze-vsedni-den-okem-nevsedniho-malire-40054216\" target=\"_blank\" rel=\"noopener noreferrer\">Pr\u00e1vo<\/a><\/li>\n<li>Norbert Grund (1717\u20131767): P\u016fvab v\u0161edn\u00edho dne, Peter Kov\u00e1\u010d, <a href=\"http:\/\/www.stavitele-katedral.cz\/praha-narodni-galerie-pripomina-300-vyroci-narozeni-malire-norberta-grunda-vystavou-v-palaci-kinskych\/\" target=\"_blank\" rel=\"noopener noreferrer\">Stavitel\u00e9 katedr\u00e1l<\/a><\/li>\n<li>Norbert Grund (1717\u20131767): P\u016fvab v\u0161edn\u00edho dne, So\u0148a \u0160\u00e1lkov\u00e1, <a href=\"https:\/\/artmagazin.eu\/narodni-galerie-norbert-grund-vystava-v-palaci-kinskych\/\" target=\"_blank\" rel=\"noopener noreferrer\">Artmagaz\u00edn<\/a><\/li>\n<li>Poetry &amp; Performance. The Eastern European Perspective \u2013 Zurich, Olga Stefan, <a href=\"https:\/\/artreview.com\/reviews\/ar_december_2018_review_poetry_and_performance\/\" target=\"_blank\" rel=\"noopener noreferrer\">ArtReview<\/a><\/li>\n<li>Poetry &amp; Performance. The Eastern European Perspective \u2013 Zurich, Jelica Popovi\u0107, <a href=\"http:\/\/www.novinki.de\/von-den-raendern-her-poetry-and-performance-the-eastern-european-perspective-in-zuerich\/\" target=\"_blank\" rel=\"noopener noreferrer\">novinki.de<\/a><\/li>\n<li>Poetry &amp; Performance. The Eastern European Perspective \u2013 Zurich, Matthias Meindl, <a href=\"https:\/\/artmargins.com\/the-intermedial-scattering-of-the-aura\/\" target=\"_blank\" rel=\"noopener noreferrer\">Artmargins<\/a><\/li>\n<li>Poetry &amp; Performance. The Eastern European Perspective \u2013 Zurich, Sylvia Sasse, <a href=\"https:\/\/www.republik.ch\/2018\/10\/13\/wenn-buchstaben-ihre-muskeln-zeigen\" target=\"_blank\" rel=\"noopener noreferrer\">Republik.ch<\/a><\/li>\n<li>Poetry &amp; Performance. The Eastern European Perspective \u2013 Zurich, Sylvia Sasse, <a href=\"https:\/\/artmargins.com\/when-letters-show-their-muscles\/\" target=\"_blank\" rel=\"noopener noreferrer\">Artmargins<\/a><\/li>\n<li>Ji\u0159\u00ed Trnka: V&nbsp;zahrad\u00e1ch imaginace: T\u0159istat\u0159icett\u0159i, <a href=\"https:\/\/www.ceskatelevize.cz\/porady\/1096008034-tristatricettri\/219562254200009\/?fbclid=IwAR230dAV93p_P_35LGZnPQxswY07FemSftrDcZi5BnFxGYOMDeBrZ22a6cA\" target=\"_blank\" rel=\"noopener noreferrer\">\u010cesk\u00e1 televize<\/a><\/li>\n<li>Ji\u0159\u00ed Trnka: V&nbsp;zahrad\u00e1ch imaginace: Magdalena \u010cechlovsk\u00e1, <a href=\"https:\/\/magazin.aktualne.cz\/kultura\/umeni\/jiri-trnka-gask-vystava\/r~30858d74fa6c11e99b40ac1f6b220ee8\/\" target=\"_blank\" rel=\"noopener noreferrer\">Aktu\u00e1ln\u011b<\/a><\/li>\n<li>Ji\u0159\u00ed Trnka: V&nbsp;zahrad\u00e1ch imaginace: Dzejn, <a href=\"https:\/\/www.maleradosti.net\/2019\/11\/12\/vystava-v-zahradach-imaginace\/?fbclid=IwAR3FY8lDguiXEjCPcJIhQ4XodvPrwYnu53hz5W6bV4vopnJlmXE8CnSXZKE\" target=\"_blank\" rel=\"noopener noreferrer\">Mal\u00e9 radosti<\/a><\/li>\n<li>Architekura a&nbsp;\u010cesk\u00e1 politika V&nbsp;19.\u201321. STOLET\u00cd, <a href=\"https:\/\/www.umprum.cz\/cs\/web\/o-umprum\/veda-a-vyzkum\/uspesny-projekt-naki-architektura-a-ceska-politika-v-19-21-stoleti\" target=\"_blank\" rel=\"noopener noreferrer\">\u00dasp\u011bsn\u00fd projekt NAKI<\/a><\/li>\n<\/ul>\n<\/li>\n<li>\n<h1>T\u00fdm<span id=\"team\" class=\"anchor\"><\/span><\/h1>\n<ul>\n<li><b>Spolupracovn\u00edci<\/b><\/li>\n<li>Adam Bujok<\/li>\n<li>Lada Chromelov\u00e1<\/li>\n<li>Anna Male\u010dkov\u00e1<\/li>\n<li>Dominik Rejthar<\/li>\n<li>Elena Seregina<\/li>\n<li>Trang Erika Nguyen Thu<\/li>\n<li><\/li>\n<li><b>B\u00fdval\u00ed spolupracovn\u00edci<\/b><\/li>\n<li>Jan Hunal<\/li>\n<li>J\u00e1chym Jansk\u00fd<\/li>\n<li>Anastasiia Khlebushkina<\/li>\n<li>Barbora Tauerov\u00e1<\/li>\n<li>Bibiana Stibitz<\/li>\n<li>Eli\u0161ka \u010e\u00e1skov\u00e1<\/li>\n<li>Jan Poslu\u0161n\u00fd<\/li>\n<li>Marie Ad\u00e1mkov\u00e1<\/li>\n<li>Marie-Anne Poully<\/li>\n<li>Otakar Neumann<\/li>\n<li>Petr M\u00fcller<\/li>\n<li>\u0160t\u011bp\u00e1nka \u00dalehlov\u00e1<\/li>\n<li>Zuzana Hebronov\u00e1<\/li>\n<\/ul>\n<\/li>\n<li>\n<h1>Odborn\u00e1 spolupr\u00e1ce<span id=\"coop\" class=\"anchor\"><\/span><\/h1>\n<ul class=\"nospacebehind\">\n<li><b>Statika a&nbsp;dynamika staveb<\/b><\/li>\n<li>Ing. V\u00edt Ml\u00e1zovsk\u00fd<\/li>\n<li>Ing. Filip Chmel<\/li>\n<li>Ing. Boris Navr\u00e1til<\/li>\n<li>Ing. Franti\u0161ek Denk<\/li>\n<li><\/li>\n<li><b>Krajina\u0159sk\u00e1 architektura<\/b><\/li>\n<li>symbio studio s.r.o. &#8211; Pavla Drbalov\u00e1, Sandra Chlebovsk\u00e1, Marie Gelov\u00e1<\/li>\n<li>Kl\u00e1ra &#8211; krajinn\u00e1 architektura<\/li>\n<li><\/li>\n<li><b>Projektov\u00e1n\u00ed dopravn\u00edch staveb<\/b><\/li>\n<li>PRINKOM spol. s&nbsp;r.o. &#8211; V\u00edt K\u0159epinsk\u00fd<\/li>\n<li><\/li>\n<li><b>Po\u017e\u00e1rn\u00ed \u0159e\u0161en\u00ed staveb<\/b><\/li>\n<li>Ing. Petr Havl\u00ed\u010dek<\/li>\n<li><\/li>\n<li><b>Technika za\u0159\u00edzen\u00ed budov \/ in\u017een\u00fdrsk\u00e9 s\u00edt\u011b<\/b><\/li>\n<li>ATEPRO s.r.o. &#8211; Ing. Jan H\u00e1na &#8211; zdravotn\u011b technick\u00e9 instalace<\/li>\n<li>Ing. Ond\u0159ej Vacul\u00edk &#8211; zdravotn\u011b technick\u00e9 instalace<\/li>\n<li>Ing. Pavel Adam, Ph.D. &#8211; PENB, energetick\u00e1 optimalizace a&nbsp;v\u011btr\u00e1n\u00ed<\/li>\n<li>Ing. Martin Bene\u0161 &#8211; vyt\u00e1p\u011bn\u00ed a&nbsp;v\u011btr\u00e1n\u00ed<\/li>\n<li>Luk\u00e1\u0161 Barto\u0161 &#8211; vyt\u00e1p\u011bn\u00ed a&nbsp;v\u011btr\u00e1n\u00ed<\/li>\n<\/ul>\n<\/li>\n<li>\n<h1>Spolupr\u00e1ce<\/h1>\n<ul>\n<li>Sv\u00e1 portfolia m\u016f\u017eete zas\u00edlat po\u0161tou nebo e-mailem. Pros\u00edm napi\u0161te do p\u0159edm\u011btu, zda m\u00e1te z\u00e1jem o&nbsp;st\u00e1\u017e \u010di&nbsp;spolupr\u00e1ci.<\/li>\n<\/ul>\n<\/li>\n<li>\n<h1>Klienti<span id=\"clients\" class=\"anchor\"><\/span><\/h1>\n<ul>\n<li>Algon, a.s.<\/li>\n<li>DCCC \u2013 Dnipro Center for Contemporary Culture<\/li>\n<li>Galerie m\u011bsta Plzn\u011b o.p.s.<\/li>\n<li>GASK \u2013 Galerie St\u0159edo\u010desk\u00e9ho kraje<\/li>\n<li>Hlavn\u00ed m\u011bsto Praha<\/li>\n<li>Kade\u0159nictv\u00ed St\u0159ihoruk\u00fd Edward Brno &#8211; Jan \u0160pilar<\/li>\n<li>Kass\u00e1k M\u00fazeum, Budapest<\/li>\n<li>Komfort, a.s.<\/li>\n<li>Liga lesn\u00ed moudrosti, z. s.<\/li>\n<li>Magistr\u00e1t hlavn\u00edho M\u011bsta Prahy<\/li>\n<li>M\u011bsto \u010cerven\u00fd Kostelec<\/li>\n<li>M\u011bsto \u010cesk\u00e1 Kamenice<\/li>\n<li>M\u011bsto Cheb<\/li>\n<li>M\u011bsto Nymburk<\/li>\n<li>M\u011bsto Pelh\u0159imov<\/li>\n<li>M\u011bsto Skaln\u00e1<\/li>\n<li>M\u011bstsk\u00e1 \u010d\u00e1st Praha 1<\/li>\n<li>Muzeum literatury<\/li>\n<li>Mikrofarma s.r.o.<\/li>\n<li>N\u00e1rodn\u00ed galerie Praha<\/li>\n<li>OGL \u2013 oblastn\u00ed galerie Liberec<\/li>\n<li>Renocar a.s.<\/li>\n<li>Renocar Real Estate, a.s.<\/li>\n<li>\u0158imskokatolick\u00e1 farnost Kutn\u00e1 hora \u2013 Sedlec<\/li>\n<li>\u0158imskokatolick\u00e1 farnost Moutnice<\/li>\n<li>Shedhalle, Zurich<\/li>\n<li>Slovo \u017eivota<\/li>\n<li>Trafo gallery<\/li>\n<li>Vysok\u00e1 \u0161kola um\u011blecko-pr\u016fmyslov\u00e1 Praha<\/li>\n<li>Z\u0160 Korunova\u010dn\u00ed, Praha<\/li>\n<\/ul>\n<\/li>\n<li>\n<h1>Podpora<\/h1>\n<ul>\n<li>Projekt KREATIVN\u00cd VOUCHER RCNKSK S.R.O. je spolufinancov\u00e1n Evropskou uni\u00ed.<\/li>\n<\/ul>\n<ul>\n<li>\u010c\u00edslo projektu: 0461000881<\/li>\n<\/ul>\n<ul>\n<li style=\"list-style-type: none;\">\n<ul>\n<li>C\u00edlem projektu je po\u0159\u00edzen\u00ed vide\u00ed o&nbsp;kapli Panny Marie Bolestn\u00e9 v&nbsp;Nesva\u010dilce, kter\u00e1 se \u0159ad\u00ed mezi jednu ze zda\u0159il\u00fdch realizac\u00ed architektonick\u00e9ho studia RCNKSK s.r.o. T\u011bmito videi um\u00edst\u011bn\u00fdmi na webov\u00fdch str\u00e1nk\u00e1ch a&nbsp;soci\u00e1ln\u00edch s\u00edt\u00edch bude v&nbsp;jednotliv\u00fdch vide\u00edch prezentovat jak \u0161irok\u00e9 ve\u0159ejnosti tak p\u0159i&nbsp;\u00fa\u010dasti ve v\u00fdb\u011brov\u00fdch \u0159\u00edzen\u00edch kl\u00ed\u010dov\u00e9 pil\u00ed\u0159e sv\u00e9 pr\u00e1ce.<\/li>\n<\/ul>\n<\/li>\n<\/ul>\n<ul>\n<li><img loading=\"lazy\" decoding=\"async\" class=\"alignnone size-medium wp-image-4879\" src=\"http:\/\/www.rcnksk.com\/wp-content\/uploads\/2024\/09\/Artboard-2@2x-300x31.png\" alt=\"\" width=\"668\" height=\"68\" srcset=\"https:\/\/www.rcnksk.com\/wp-content\/uploads\/2024\/09\/Artboard-2@2x-300x31.png 300w, https:\/\/www.rcnksk.com\/wp-content\/uploads\/2024\/09\/Artboard-2@2x.png 668w\" sizes=\"auto, (max-width: 668px) 100vw, 668px\" \/><\/li>\n<\/ul>\n<\/li>\n<li>\n<h1>Tir\u00e1\u017e<span id=\"tiraz\" class=\"anchor\"><\/span><\/h1>\n<ul>\n<li><b>Grafick\u00fd design<\/b><\/li>\n<li>Jan Svoboda<\/li>\n<li><\/li>\n<li><b>Webdesign<\/b><\/li>\n<li>Viktor Tak\u00e1\u010d<\/li>\n<\/ul>\n<\/li>\n<\/ul>\n<p><\/p>","protected":false},"excerpt":{"rendered":"<p>Studio Na\u0161e architektonick\u00e9 studio se zam\u011b\u0159uje na v\u0161echny formy architektury od urbanismu po&nbsp;detail kliky. Vytv\u00e1\u0159\u00edme prostor, atmosf\u00e9ru, m\u00edsto k\u00a0\u017eivotu. Od studie po&nbsp;prov\u00e1d\u011bc\u00ed dokumentaci, s\u00a0d\u016frazem na udr\u017een\u00ed po\u010d\u00e1te\u010dn\u00edho konceptu v\u00a0ka\u017ed\u00e9m m\u011b\u0159\u00edtku i\u00a0detailu stavby. Pracujeme na r\u016fzn\u00fdch form\u00e1ch projekt\u016f, jsme toti\u017e p\u0159esv\u011bd\u010deni, \u017ee pestrost projekt\u016f \u010dlov\u011bka nezastav\u00ed ve v\u00fdvoji. Ke ka\u017ed\u00e9mu projektu p\u0159isupujeme individu\u00e1ln\u011b a\u00a0d\u00edky tomu nekon\u010d\u00edme [&hellip;]<\/p>\n","protected":false},"author":1,"featured_media":5399,"parent":0,"menu_order":0,"comment_status":"closed","ping_status":"closed","template":"","meta":{"footnotes":""},"class_list":["post-14","page","type-page","status-publish","has-post-thumbnail","hentry"],"_links":{"self":[{"href":"https:\/\/www.rcnksk.com\/index.php?rest_route=\/wp\/v2\/pages\/14","targetHints":{"allow":["GET"]}}],"collection":[{"href":"https:\/\/www.rcnksk.com\/index.php?rest_route=\/wp\/v2\/pages"}],"about":[{"href":"https:\/\/www.rcnksk.com\/index.php?rest_route=\/wp\/v2\/types\/page"}],"author":[{"embeddable":true,"href":"https:\/\/www.rcnksk.com\/index.php?rest_route=\/wp\/v2\/users\/1"}],"replies":[{"embeddable":true,"href":"https:\/\/www.rcnksk.com\/index.php?rest_route=%2Fwp%2Fv2%2Fcomments&post=14"}],"version-history":[{"count":111,"href":"https:\/\/www.rcnksk.com\/index.php?rest_route=\/wp\/v2\/pages\/14\/revisions"}],"predecessor-version":[{"id":5404,"href":"https:\/\/www.rcnksk.com\/index.php?rest_route=\/wp\/v2\/pages\/14\/revisions\/5404"}],"wp:featuredmedia":[{"embeddable":true,"href":"https:\/\/www.rcnksk.com\/index.php?rest_route=\/wp\/v2\/media\/5399"}],"wp:attachment":[{"href":"https:\/\/www.rcnksk.com\/index.php?rest_route=%2Fwp%2Fv2%2Fmedia&parent=14"}],"curies":[{"name":"wp","href":"https:\/\/api.w.org\/{rel}","templated":true}]}}